{"id":1230,"date":"2016-11-25T10:28:15","date_gmt":"2016-11-25T09:28:15","guid":{"rendered":"http:\/\/www.tirolerkreuz.com\/gaumenfreuden-dorf-tirol\/"},"modified":"2016-12-22T14:29:05","modified_gmt":"2016-12-22T13:29:05","slug":"arte-culinaria-tirolo","status":"publish","type":"page","link":"https:\/\/www.tirolerkreuz.com\/it\/arte-culinaria-tirolo\/","title":{"rendered":"Arte culinaria Tirolo"},"content":{"rendered":"<div id='full_slider_1'  class='avia-fullwidth-slider main_color avia-shadow   avia-builder-el-0  el_before_av_layout_row  avia-builder-el-first   container_wrap fullsize'  ><div  class='avia-slideshow av-av_slideshow_full-6b234f38c40b3b9c02336a15bc8686f1 avia-slideshow-featured av_slideshow_full avia-fade-slider av-slideshow-ui av-control-minimal av-slideshow-autoplay av-loop-endless av-loop-manual-endless av-default-height-applied   avia-slideshow-1' data-slideshow-options=\"{&quot;animation&quot;:&quot;fade&quot;,&quot;autoplay&quot;:true,&quot;loop_autoplay&quot;:&quot;endless&quot;,&quot;interval&quot;:6,&quot;loop_manual&quot;:&quot;manual-endless&quot;,&quot;autoplay_stopper&quot;:false,&quot;noNavigation&quot;:false,&quot;bg_slider&quot;:false,&quot;keep_padding&quot;:false,&quot;hoverpause&quot;:false,&quot;show_slide_delay&quot;:0}\"  itemprop=\"image\" itemscope=\"itemscope\" itemtype=\"https:\/\/schema.org\/ImageObject\" ><ul class='avia-slideshow-inner ' style='padding-bottom: 28.666666666667%;'><li  class='avia-slideshow-slide av-av_slideshow_full-6b234f38c40b3b9c02336a15bc8686f1__0  slide-1 slide-odd'><div data-rel='slideshow-1' class='avia-slide-wrap '   ><img decoding=\"async\" fetchpriority=\"high\" class=\"wp-image-857 avia-img-lazy-loading-not-857\"  src=\"https:\/\/www.tirolerkreuz.com\/wp-content\/uploads\/2016\/11\/tiroler-kreuz_speckkrautsalat-tvdt_000787.jpg\" width=\"1500\" height=\"430\" title='tiroler-kreuz_speckkrautsalat-tvdt_000787' alt=''  itemprop=\"thumbnailUrl\" srcset=\"https:\/\/www.tirolerkreuz.com\/wp-content\/uploads\/2016\/11\/tiroler-kreuz_speckkrautsalat-tvdt_000787.jpg 1500w, https:\/\/www.tirolerkreuz.com\/wp-content\/uploads\/2016\/11\/tiroler-kreuz_speckkrautsalat-tvdt_000787-300x86.jpg 300w, https:\/\/www.tirolerkreuz.com\/wp-content\/uploads\/2016\/11\/tiroler-kreuz_speckkrautsalat-tvdt_000787-768x220.jpg 768w, https:\/\/www.tirolerkreuz.com\/wp-content\/uploads\/2016\/11\/tiroler-kreuz_speckkrautsalat-tvdt_000787-1030x295.jpg 1030w, https:\/\/www.tirolerkreuz.com\/wp-content\/uploads\/2016\/11\/tiroler-kreuz_speckkrautsalat-tvdt_000787-705x202.jpg 705w, https:\/\/www.tirolerkreuz.com\/wp-content\/uploads\/2016\/11\/tiroler-kreuz_speckkrautsalat-tvdt_000787-450x129.jpg 450w\" sizes=\"(max-width: 1500px) 100vw, 1500px\" \/><\/div><\/li><li  class='avia-slideshow-slide av-av_slideshow_full-6b234f38c40b3b9c02336a15bc8686f1__1  slide-2 slide-even'><div data-rel='slideshow-1' class='avia-slide-wrap '   ><img decoding=\"async\" fetchpriority=\"high\" class=\"wp-image-855 avia-img-lazy-loading-not-855\"  src=\"https:\/\/www.tirolerkreuz.com\/wp-content\/uploads\/2016\/11\/tiroler-kreuz_speck-tvdt_000774.jpg\" width=\"1500\" height=\"430\" title='tiroler-kreuz_speck-tvdt_000774' alt=''  itemprop=\"thumbnailUrl\" srcset=\"https:\/\/www.tirolerkreuz.com\/wp-content\/uploads\/2016\/11\/tiroler-kreuz_speck-tvdt_000774.jpg 1500w, https:\/\/www.tirolerkreuz.com\/wp-content\/uploads\/2016\/11\/tiroler-kreuz_speck-tvdt_000774-300x86.jpg 300w, https:\/\/www.tirolerkreuz.com\/wp-content\/uploads\/2016\/11\/tiroler-kreuz_speck-tvdt_000774-768x220.jpg 768w, https:\/\/www.tirolerkreuz.com\/wp-content\/uploads\/2016\/11\/tiroler-kreuz_speck-tvdt_000774-1030x295.jpg 1030w, https:\/\/www.tirolerkreuz.com\/wp-content\/uploads\/2016\/11\/tiroler-kreuz_speck-tvdt_000774-705x202.jpg 705w, https:\/\/www.tirolerkreuz.com\/wp-content\/uploads\/2016\/11\/tiroler-kreuz_speck-tvdt_000774-450x129.jpg 450w\" sizes=\"(max-width: 1500px) 100vw, 1500px\" \/><\/div><\/li><li  class='avia-slideshow-slide av-av_slideshow_full-6b234f38c40b3b9c02336a15bc8686f1__2  slide-3 slide-odd'><div data-rel='slideshow-1' class='avia-slide-wrap '   ><img decoding=\"async\" fetchpriority=\"high\" class=\"wp-image-853 avia-img-lazy-loading-not-853\"  src=\"https:\/\/www.tirolerkreuz.com\/wp-content\/uploads\/2016\/11\/tiroler-kreuz_nudel-tvdt_003687.jpg\" width=\"1500\" height=\"430\" title='tiroler-kreuz_nudel-tvdt_003687' alt=''  itemprop=\"thumbnailUrl\" srcset=\"https:\/\/www.tirolerkreuz.com\/wp-content\/uploads\/2016\/11\/tiroler-kreuz_nudel-tvdt_003687.jpg 1500w, https:\/\/www.tirolerkreuz.com\/wp-content\/uploads\/2016\/11\/tiroler-kreuz_nudel-tvdt_003687-300x86.jpg 300w, https:\/\/www.tirolerkreuz.com\/wp-content\/uploads\/2016\/11\/tiroler-kreuz_nudel-tvdt_003687-768x220.jpg 768w, https:\/\/www.tirolerkreuz.com\/wp-content\/uploads\/2016\/11\/tiroler-kreuz_nudel-tvdt_003687-1030x295.jpg 1030w, https:\/\/www.tirolerkreuz.com\/wp-content\/uploads\/2016\/11\/tiroler-kreuz_nudel-tvdt_003687-705x202.jpg 705w, https:\/\/www.tirolerkreuz.com\/wp-content\/uploads\/2016\/11\/tiroler-kreuz_nudel-tvdt_003687-450x129.jpg 450w\" sizes=\"(max-width: 1500px) 100vw, 1500px\" \/><\/div><\/li><li  class='avia-slideshow-slide av-av_slideshow_full-6b234f38c40b3b9c02336a15bc8686f1__3  slide-4 slide-even'><div data-rel='slideshow-1' class='avia-slide-wrap '   ><img decoding=\"async\" fetchpriority=\"high\" class=\"wp-image-880 avia-img-lazy-loading-not-880\"  src=\"https:\/\/www.tirolerkreuz.com\/wp-content\/uploads\/2016\/11\/tiroler-kreuz_fleisch-tvdt_001705.jpg\" width=\"1500\" height=\"430\" title='tiroler-kreuz_fleisch-tvdt_001705' alt=''  itemprop=\"thumbnailUrl\" srcset=\"https:\/\/www.tirolerkreuz.com\/wp-content\/uploads\/2016\/11\/tiroler-kreuz_fleisch-tvdt_001705.jpg 1500w, https:\/\/www.tirolerkreuz.com\/wp-content\/uploads\/2016\/11\/tiroler-kreuz_fleisch-tvdt_001705-300x86.jpg 300w, https:\/\/www.tirolerkreuz.com\/wp-content\/uploads\/2016\/11\/tiroler-kreuz_fleisch-tvdt_001705-768x220.jpg 768w, https:\/\/www.tirolerkreuz.com\/wp-content\/uploads\/2016\/11\/tiroler-kreuz_fleisch-tvdt_001705-1030x295.jpg 1030w, https:\/\/www.tirolerkreuz.com\/wp-content\/uploads\/2016\/11\/tiroler-kreuz_fleisch-tvdt_001705-705x202.jpg 705w, https:\/\/www.tirolerkreuz.com\/wp-content\/uploads\/2016\/11\/tiroler-kreuz_fleisch-tvdt_001705-450x129.jpg 450w\" sizes=\"(max-width: 1500px) 100vw, 1500px\" \/><\/div><\/li><li  class='avia-slideshow-slide av-av_slideshow_full-6b234f38c40b3b9c02336a15bc8686f1__4  slide-5 slide-odd'><div data-rel='slideshow-1' class='avia-slide-wrap '   ><img decoding=\"async\" fetchpriority=\"high\" class=\"wp-image-849 avia-img-lazy-loading-not-849\"  src=\"https:\/\/www.tirolerkreuz.com\/wp-content\/uploads\/2016\/11\/tiroler-kreuz_krapfen-tvdt_001136.jpg\" width=\"1500\" height=\"430\" title='tiroler-kreuz_krapfen-tvdt_001136' alt=''  itemprop=\"thumbnailUrl\" srcset=\"https:\/\/www.tirolerkreuz.com\/wp-content\/uploads\/2016\/11\/tiroler-kreuz_krapfen-tvdt_001136.jpg 1500w, https:\/\/www.tirolerkreuz.com\/wp-content\/uploads\/2016\/11\/tiroler-kreuz_krapfen-tvdt_001136-300x86.jpg 300w, https:\/\/www.tirolerkreuz.com\/wp-content\/uploads\/2016\/11\/tiroler-kreuz_krapfen-tvdt_001136-768x220.jpg 768w, https:\/\/www.tirolerkreuz.com\/wp-content\/uploads\/2016\/11\/tiroler-kreuz_krapfen-tvdt_001136-1030x295.jpg 1030w, https:\/\/www.tirolerkreuz.com\/wp-content\/uploads\/2016\/11\/tiroler-kreuz_krapfen-tvdt_001136-705x202.jpg 705w, https:\/\/www.tirolerkreuz.com\/wp-content\/uploads\/2016\/11\/tiroler-kreuz_krapfen-tvdt_001136-450x129.jpg 450w\" sizes=\"(max-width: 1500px) 100vw, 1500px\" \/><\/div><\/li><\/ul><div class='avia-slideshow-arrows avia-slideshow-controls' ><a href='#prev' class='prev-slide  avia-svg-icon avia-font-svg_entypo-fontello' data-av_svg_icon='left-open-big' data-av_iconset='svg_entypo-fontello' tabindex='-1' title=\"Prec\"><svg version=\"1.1\" xmlns=\"http:\/\/www.w3.org\/2000\/svg\" width=\"15\" height=\"32\" viewBox=\"0 0 15 32\" preserveAspectRatio=\"xMidYMid meet\" aria-labelledby='av-svg-title-1' aria-describedby='av-svg-desc-1' role=\"graphics-symbol\" aria-hidden=\"true\">\n<title id='av-svg-title-1'>Prec<\/title>\n<desc id='av-svg-desc-1'>Prec<\/desc>\n<path d=\"M14.464 27.84q0.832 0.832 0 1.536-0.832 0.832-1.536 0l-12.544-12.608q-0.768-0.768 0-1.6l12.544-12.608q0.704-0.832 1.536 0 0.832 0.704 0 1.536l-11.456 11.904z\"><\/path>\n<\/svg><span class='avia_hidden_link_text'>Prec<\/span><\/a><a href='#next' class='next-slide  avia-svg-icon avia-font-svg_entypo-fontello' data-av_svg_icon='right-open-big' data-av_iconset='svg_entypo-fontello' tabindex='-1' title=\"Succ\"><svg version=\"1.1\" xmlns=\"http:\/\/www.w3.org\/2000\/svg\" width=\"15\" height=\"32\" viewBox=\"0 0 15 32\" preserveAspectRatio=\"xMidYMid meet\" aria-labelledby='av-svg-title-2' aria-describedby='av-svg-desc-2' role=\"graphics-symbol\" aria-hidden=\"true\">\n<title id='av-svg-title-2'>Succ<\/title>\n<desc id='av-svg-desc-2'>Succ<\/desc>\n<path d=\"M0.416 27.84l11.456-11.84-11.456-11.904q-0.832-0.832 0-1.536 0.832-0.832 1.536 0l12.544 12.608q0.768 0.832 0 1.6l-12.544 12.608q-0.704 0.832-1.536 0-0.832-0.704 0-1.536z\"><\/path>\n<\/svg><span class='avia_hidden_link_text'>Succ<\/span><\/a><\/div><div class='avia-slideshow-dots avia-slideshow-controls'><a href='#1' class='goto-slide active' >1<\/a><a href='#2' class='goto-slide ' >2<\/a><a href='#3' class='goto-slide ' >3<\/a><a href='#4' class='goto-slide ' >4<\/a><a href='#5' class='goto-slide ' >5<\/a><\/div><\/div><\/div>\n<div id='av-layout-grid-1'  class='av-layout-grid-container av-av_layout_row-8b19f5a87408912de0131b21887249b2 entry-content-wrapper main_color av-fixed-cells  avia-builder-el-1  el_after_av_slideshow_full  el_before_av_section  grid-row-not-first  container_wrap fullsize'  >\n\n<style type=\"text\/css\" data-created_by=\"avia_inline_auto\" id=\"style-css-av-av_cell_one_fourth-331d0264abf8f14cbc7b6c8a00d6153e\">\n.flex_cell.av-av_cell_one_fourth-331d0264abf8f14cbc7b6c8a00d6153e{\nvertical-align:top;\n}\n.responsive #top #wrap_all .flex_cell.av-av_cell_one_fourth-331d0264abf8f14cbc7b6c8a00d6153e{\npadding:30px 30px 0px 30px !important;\n}\n<\/style>\n<div class='flex_cell av-av_cell_one_fourth-331d0264abf8f14cbc7b6c8a00d6153e av-gridrow-cell av_one_fourth no_margin  avia-builder-el-2  el_before_av_cell_one_fourth  avia-builder-el-first  content-align-top'  ><div class='flex_cell_inner'><div  class='avia-button-wrap av-av_button-7c8ddf67632bf3a3496c43f776558d5d-wrap avia-button-left  avia-builder-el-3  avia-builder-el-no-sibling '><a href='https:\/\/www.tirolerkreuz.com\/it\/abitare-prenotazione-alloggio-tirolo\/#prenotazione'  class='avia-button av-av_button-7c8ddf67632bf3a3496c43f776558d5d av-link-btn avia-icon_select-no avia-size-medium avia-position-left avia-color-dark'   aria-label=\"PRENOTAZIONE\"><span class='avia_iconbox_title' >PRENOTAZIONE<\/span><\/a><\/div>\n<\/div><\/div>\n<style type=\"text\/css\" data-created_by=\"avia_inline_auto\" id=\"style-css-av-av_cell_one_fourth-f57c70f9f5a63fd800eb5b955b847c2a\">\n.flex_cell.av-av_cell_one_fourth-f57c70f9f5a63fd800eb5b955b847c2a{\nvertical-align:top;\n}\n.responsive #top #wrap_all .flex_cell.av-av_cell_one_fourth-f57c70f9f5a63fd800eb5b955b847c2a{\npadding:30px 30px 30px 30px !important;\n}\n<\/style>\n<div class='flex_cell av-av_cell_one_fourth-f57c70f9f5a63fd800eb5b955b847c2a av-gridrow-cell av_one_fourth no_margin  avia-builder-el-4  el_after_av_cell_one_fourth  el_before_av_cell_one_fourth  content-align-top'  ><div class='flex_cell_inner'><section  class='av_textblock_section av-av_textblock-0366cc7376be6c9e82a3e9cc8987b64f '   itemscope=\"itemscope\" itemtype=\"https:\/\/schema.org\/CreativeWork\" ><div class='avia_textblock'  itemprop=\"text\" ><p><span style=\"color: #ffffff;\">Arte culinaria Tirolo<\/span><\/p>\n<\/div><\/section>\n<\/div><\/div>\n<style type=\"text\/css\" data-created_by=\"avia_inline_auto\" id=\"style-css-av-av_cell_one_fourth-f57c70f9f5a63fd800eb5b955b847c2a\">\n.flex_cell.av-av_cell_one_fourth-f57c70f9f5a63fd800eb5b955b847c2a{\nvertical-align:top;\n}\n.responsive #top #wrap_all .flex_cell.av-av_cell_one_fourth-f57c70f9f5a63fd800eb5b955b847c2a{\npadding:30px 30px 30px 30px !important;\n}\n<\/style>\n<div class='flex_cell av-av_cell_one_fourth-f57c70f9f5a63fd800eb5b955b847c2a av-gridrow-cell av_one_fourth no_margin  avia-builder-el-6  el_after_av_cell_one_fourth  el_before_av_cell_one_fourth  content-align-top'  ><div class='flex_cell_inner'><\/div><\/div>\n<style type=\"text\/css\" data-created_by=\"avia_inline_auto\" id=\"style-css-av-av_cell_one_fourth-331d0264abf8f14cbc7b6c8a00d6153e\">\n.flex_cell.av-av_cell_one_fourth-331d0264abf8f14cbc7b6c8a00d6153e{\nvertical-align:top;\n}\n.responsive #top #wrap_all .flex_cell.av-av_cell_one_fourth-331d0264abf8f14cbc7b6c8a00d6153e{\npadding:30px 30px 0px 30px !important;\n}\n<\/style>\n<div class='flex_cell av-av_cell_one_fourth-331d0264abf8f14cbc7b6c8a00d6153e av-gridrow-cell av_one_fourth no_margin  avia-builder-el-7  el_after_av_cell_one_fourth  avia-builder-el-last  content-align-top'  ><div class='flex_cell_inner'><div  class='avia-button-wrap av-av_button-3461fa3d7b263860897e7c850f4af4df-wrap avia-button-right  avia-builder-el-8  avia-builder-el-no-sibling '><a href='https:\/\/www.tirolerkreuz.com\/it\/contatto-come-arrivare-tirolo-presso-merano\/#richiesta'  class='avia-button av-av_button-3461fa3d7b263860897e7c850f4af4df av-link-btn avia-icon_select-no avia-size-medium avia-position-right avia-color-dark'   aria-label=\"RICHIESTA\"><span class='avia_iconbox_title' >RICHIESTA<\/span><\/a><\/div>\n<\/div><\/div><\/div><div id='av_section_1'  class='avia-section av-av_section-3c1fdba40d338b16ca77c196ccce61e6 main_color avia-section-default avia-no-border-styling  avia-builder-el-9  el_after_av_layout_row  avia-builder-el-last  avia-bg-style-scroll container_wrap fullsize'  ><div class='container av-section-cont-open' ><div class='template-page content  av-content-full alpha units'><div class='post-entry post-entry-type-page post-entry-1230'><div class='entry-content-wrapper clearfix'>\n\n<style type=\"text\/css\" data-created_by=\"avia_inline_auto\" id=\"style-css-av-av_heading-b6a00a31fd091b56cd614a8e2a17f6eb\">\n#top .av-special-heading.av-av_heading-b6a00a31fd091b56cd614a8e2a17f6eb{\npadding-bottom:40px;\ncolor:#890404;\n}\nbody .av-special-heading.av-av_heading-b6a00a31fd091b56cd614a8e2a17f6eb .av-special-heading-tag .heading-char{\nfont-size:25px;\n}\n.av-special-heading.av-av_heading-b6a00a31fd091b56cd614a8e2a17f6eb .special-heading-inner-border{\nborder-color:#890404;\n}\n.av-special-heading.av-av_heading-b6a00a31fd091b56cd614a8e2a17f6eb .av-subheading{\nfont-size:18px;\n}\n<\/style>\n<div  class='av-special-heading av-av_heading-b6a00a31fd091b56cd614a8e2a17f6eb av-special-heading-h1 custom-color-heading blockquote modern-quote modern-centered  avia-builder-el-10  el_before_av_textblock  avia-builder-el-first '><h1 class='av-special-heading-tag '  itemprop=\"headline\"  >Amore per l\u2019arte culinaria, creativit\u00e0 e buon gusto<\/h1><div class='av_custom_color av-subheading av-subheading_below'><p>inebrieranno i vostri sensi!<\/p>\n<\/div><div class=\"special-heading-border\"><div class=\"special-heading-inner-border\"><\/div><\/div><\/div>\n<section  class='av_textblock_section av-av_textblock-0366cc7376be6c9e82a3e9cc8987b64f '   itemscope=\"itemscope\" itemtype=\"https:\/\/schema.org\/CreativeWork\" ><div class='avia_textblock'  itemprop=\"text\" ><p style=\"text-align: center;\">Il nostro tavolo \u00e8 imbandito e ricco di <a href=\"https:\/\/www.merano-suedtirol.it\/it\/merano-e-dintorni\/consigli-per-le-vacanze\/mangiare-e-bere\/cucina-altoatesina\/\" target=\"_blank\"><strong>gustosi piatti tipici altoatesini<\/strong><\/a> e <strong>genuini prodotti regionali.<br \/>\n<\/strong>Usiamo ingredienti freschi, perci\u00f2 il nostro men\u00f9 varia a seconda della stagione. In autunno, per esempio, non mancano <strong>piatti di selvaggina e sapori autunnali.<\/strong><\/p>\n<\/div><\/section>\n\n<style type=\"text\/css\" data-created_by=\"avia_inline_auto\" id=\"style-css-av-av_one_half-6126cab7d8fab8d08143dd2dacdf673c\">\n.flex_column.av-av_one_half-6126cab7d8fab8d08143dd2dacdf673c{\nborder-radius:0px 0px 0px 0px;\npadding:0px 0px 0px 0px;\n}\n<\/style>\n<div  class='flex_column av-av_one_half-6126cab7d8fab8d08143dd2dacdf673c av_one_half  avia-builder-el-12  el_after_av_textblock  el_before_av_one_half  first flex_column_div av-zero-column-padding  column-top-margin'     ><p>\n<style type=\"text\/css\" data-created_by=\"avia_inline_auto\" id=\"style-css-av-av_image-37ec444327a68866e75df87c4242ef89\">\n.avia-image-container.av-av_image-37ec444327a68866e75df87c4242ef89 img.avia_image{\nbox-shadow:none;\n}\n.avia-image-container.av-av_image-37ec444327a68866e75df87c4242ef89 .av-image-caption-overlay-center{\ncolor:#ffffff;\n}\n<\/style>\n<div  class='avia-image-container av-av_image-37ec444327a68866e75df87c4242ef89 av-styling- av-img-linked avia_animated_image av-animated-when-visible-95 fade-in avia-align-center  avia-builder-el-13  el_before_av_hr  avia-builder-el-first '   itemprop=\"image\" itemscope=\"itemscope\" itemtype=\"https:\/\/schema.org\/ImageObject\" ><div class=\"avia-image-container-inner\"><div class=\"avia-image-overlay-wrap\"><a href=\"https:\/\/www.tirolerkreuz.com\/wp-content\/uploads\/2016\/11\/tiroler-kreuz-fruehstuecksbuffet-1030x687.jpg\" data-srcset=\"https:\/\/www.tirolerkreuz.com\/wp-content\/uploads\/2016\/11\/tiroler-kreuz-fruehstuecksbuffet.jpg 1030w, https:\/\/www.tirolerkreuz.com\/wp-content\/uploads\/2016\/11\/tiroler-kreuz-fruehstuecksbuffet-300x200.jpg 300w, https:\/\/www.tirolerkreuz.com\/wp-content\/uploads\/2016\/11\/tiroler-kreuz-fruehstuecksbuffet-768x512.jpg 768w, https:\/\/www.tirolerkreuz.com\/wp-content\/uploads\/2016\/11\/tiroler-kreuz-fruehstuecksbuffet-705x470.jpg 705w, https:\/\/www.tirolerkreuz.com\/wp-content\/uploads\/2016\/11\/tiroler-kreuz-fruehstuecksbuffet-450x300.jpg 450w\" data-sizes=\"(max-width: 1030px) 100vw, 1030px\" class='avia_image '  aria-label='tiroler-kreuz-fruehstuecksbuffet'><img decoding=\"async\" fetchpriority=\"high\" class='wp-image-860 avia-img-lazy-loading-not-860 avia_image ' src=\"https:\/\/www.tirolerkreuz.com\/wp-content\/uploads\/2016\/11\/tiroler-kreuz-fruehstuecksbuffet-1030x630.jpg\" alt='' title='tiroler-kreuz-fruehstuecksbuffet'  height=\"630\" width=\"1030\"  itemprop=\"thumbnailUrl\"  \/><\/a><\/div><\/div><\/div><br \/>\n\n<style type=\"text\/css\" data-created_by=\"avia_inline_auto\" id=\"style-css-av-av_hr-5ea7596238ed9f191e6b5e662093052f\">\n#top .hr.hr-invisible.av-av_hr-5ea7596238ed9f191e6b5e662093052f{\nheight:30px;\n}\n<\/style>\n<div  class='hr av-av_hr-5ea7596238ed9f191e6b5e662093052f hr-invisible  avia-builder-el-14  el_after_av_image  el_before_av_textblock '><span class='hr-inner '><span class=\"hr-inner-style\"><\/span><\/span><\/div><br \/>\n<section  class='av_textblock_section av-av_textblock-0366cc7376be6c9e82a3e9cc8987b64f '   itemscope=\"itemscope\" itemtype=\"https:\/\/schema.org\/CreativeWork\" ><div class='avia_textblock'  itemprop=\"text\" ><h2 style=\"text-align: left;\">Colazione<\/h2>\n<p style=\"text-align: left;\">Ogni mattina, dalle <strong>ore 7.30 alle 10.00,<\/strong> vi aspetta il nostro ricco <strong>buffet di colazione.<\/strong><\/p>\n<p style=\"text-align: left;\">Se la vostra giornata dovesse iniziare prima, vi baster\u00e0 informarci il giorno precedente.<\/p>\n<p style=\"text-align: left;\">Dalle <strong>ore 8.30 in poi,<\/strong> se gradite, potete gustarvi\u00a0la prima colazione anche sulla nostra <strong>terrazza panoramica.<\/strong><\/p>\n<\/div><\/section><\/p><\/div>\n<style type=\"text\/css\" data-created_by=\"avia_inline_auto\" id=\"style-css-av-av_one_half-0aa7055fe62c3622faec82866afbaeb2\">\n.flex_column.av-av_one_half-0aa7055fe62c3622faec82866afbaeb2{\nborder-radius:0px 0px 0px 0px;\npadding:0px 0px 0px 0px;\n}\n<\/style>\n<div  class='flex_column av-av_one_half-0aa7055fe62c3622faec82866afbaeb2 av_one_half  avia-builder-el-16  el_after_av_one_half  el_before_av_one_half  flex_column_div av-zero-column-padding  column-top-margin'     ><p>\n<style type=\"text\/css\" data-created_by=\"avia_inline_auto\" id=\"style-css-av-av_image-1a36ef29a56dd5ebf8237ad1a37bb912\">\n.avia-image-container.av-av_image-1a36ef29a56dd5ebf8237ad1a37bb912 img.avia_image{\nbox-shadow:none;\n}\n.avia-image-container.av-av_image-1a36ef29a56dd5ebf8237ad1a37bb912 .av-image-caption-overlay-center{\ncolor:#ffffff;\n}\n<\/style>\n<div  class='avia-image-container av-av_image-1a36ef29a56dd5ebf8237ad1a37bb912 av-styling- av-img-linked avia_animated_image av-animated-when-visible-95 fade-in avia-align-center  avia-builder-el-17  el_before_av_hr  avia-builder-el-first '   itemprop=\"image\" itemscope=\"itemscope\" itemtype=\"https:\/\/schema.org\/ImageObject\" ><div class=\"avia-image-container-inner\"><div class=\"avia-image-overlay-wrap\"><a href=\"https:\/\/www.tirolerkreuz.com\/wp-content\/uploads\/2016\/11\/tiroler-kreuz-speisesaal-1030x687.jpg\" data-srcset=\"https:\/\/www.tirolerkreuz.com\/wp-content\/uploads\/2016\/11\/tiroler-kreuz-speisesaal.jpg 1030w, https:\/\/www.tirolerkreuz.com\/wp-content\/uploads\/2016\/11\/tiroler-kreuz-speisesaal-300x200.jpg 300w, https:\/\/www.tirolerkreuz.com\/wp-content\/uploads\/2016\/11\/tiroler-kreuz-speisesaal-768x512.jpg 768w, https:\/\/www.tirolerkreuz.com\/wp-content\/uploads\/2016\/11\/tiroler-kreuz-speisesaal-705x470.jpg 705w, https:\/\/www.tirolerkreuz.com\/wp-content\/uploads\/2016\/11\/tiroler-kreuz-speisesaal-450x300.jpg 450w\" data-sizes=\"(max-width: 1030px) 100vw, 1030px\" class='avia_image '  aria-label='tiroler-kreuz-speisesaal'><img decoding=\"async\" fetchpriority=\"high\" class='wp-image-864 avia-img-lazy-loading-not-864 avia_image ' src=\"https:\/\/www.tirolerkreuz.com\/wp-content\/uploads\/2016\/11\/tiroler-kreuz-speisesaal-1030x630.jpg\" alt='' title='tiroler-kreuz-speisesaal'  height=\"630\" width=\"1030\"  itemprop=\"thumbnailUrl\"  \/><\/a><\/div><\/div><\/div><br \/>\n\n<style type=\"text\/css\" data-created_by=\"avia_inline_auto\" id=\"style-css-av-av_hr-5ea7596238ed9f191e6b5e662093052f\">\n#top .hr.hr-invisible.av-av_hr-5ea7596238ed9f191e6b5e662093052f{\nheight:30px;\n}\n<\/style>\n<div  class='hr av-av_hr-5ea7596238ed9f191e6b5e662093052f hr-invisible  avia-builder-el-18  el_after_av_image  el_before_av_textblock '><span class='hr-inner '><span class=\"hr-inner-style\"><\/span><\/span><\/div><br \/>\n<section  class='av_textblock_section av-av_textblock-0366cc7376be6c9e82a3e9cc8987b64f '   itemscope=\"itemscope\" itemtype=\"https:\/\/schema.org\/CreativeWork\" ><div class='avia_textblock'  itemprop=\"text\" ><h2 style=\"text-align: left;\">Ristorante<\/h2>\n<p>Serviamo pasti caldi \u00a0dalle<strong> ore 11.30 alle\u00a014.00<\/strong>\u00a0e dalle <strong>ore 18.00 alle 20.30.\u00a0<\/strong>Nel frattempo potete assaporare i nostri <strong>appetitosi spuntini e diverse\u00a0specialit\u00e0 di\u00a0piatti freddi altoatesini.<\/strong><\/p>\n<p>Il nostro chef di cucina\u00a0vi vizier\u00e0 con i suoi <strong>variegati e ricchi men\u00f9.<\/strong> Inoltre vi \u00e8 offerta la possibilit\u00e0 di comporre un <strong>men\u00f9 individuale<\/strong> secondo i vostri gusti.<\/p>\n<\/div><\/section><\/p><\/div>\n<style type=\"text\/css\" data-created_by=\"avia_inline_auto\" id=\"style-css-av-av_one_half-6126cab7d8fab8d08143dd2dacdf673c\">\n.flex_column.av-av_one_half-6126cab7d8fab8d08143dd2dacdf673c{\nborder-radius:0px 0px 0px 0px;\npadding:0px 0px 0px 0px;\n}\n<\/style>\n<div  class='flex_column av-av_one_half-6126cab7d8fab8d08143dd2dacdf673c av_one_half  avia-builder-el-20  el_after_av_one_half  el_before_av_one_half  first flex_column_div av-zero-column-padding  column-top-margin'     ><p>\n<style type=\"text\/css\" data-created_by=\"avia_inline_auto\" id=\"style-css-av-av_image-a80295f2da53ed83e2d819c9d6e66c98\">\n.avia-image-container.av-av_image-a80295f2da53ed83e2d819c9d6e66c98 img.avia_image{\nbox-shadow:none;\n}\n.avia-image-container.av-av_image-a80295f2da53ed83e2d819c9d6e66c98 .av-image-caption-overlay-center{\ncolor:#ffffff;\n}\n<\/style>\n<div  class='avia-image-container av-av_image-a80295f2da53ed83e2d819c9d6e66c98 av-styling- av-img-linked avia_animated_image av-animated-when-visible-95 fade-in avia-align-center  avia-builder-el-21  el_before_av_hr  avia-builder-el-first '   itemprop=\"image\" itemscope=\"itemscope\" itemtype=\"https:\/\/schema.org\/ImageObject\" ><div class=\"avia-image-container-inner\"><div class=\"avia-image-overlay-wrap\"><a href=\"https:\/\/www.tirolerkreuz.com\/wp-content\/uploads\/2016\/11\/tiroler-kreuz_essen-Fotolia_46411540_S-1030x687.jpg\" data-srcset=\"https:\/\/www.tirolerkreuz.com\/wp-content\/uploads\/2016\/11\/tiroler-kreuz_essen-Fotolia_46411540_S.jpg 1030w, https:\/\/www.tirolerkreuz.com\/wp-content\/uploads\/2016\/11\/tiroler-kreuz_essen-Fotolia_46411540_S-300x200.jpg 300w, https:\/\/www.tirolerkreuz.com\/wp-content\/uploads\/2016\/11\/tiroler-kreuz_essen-Fotolia_46411540_S-768x512.jpg 768w, https:\/\/www.tirolerkreuz.com\/wp-content\/uploads\/2016\/11\/tiroler-kreuz_essen-Fotolia_46411540_S-705x470.jpg 705w, https:\/\/www.tirolerkreuz.com\/wp-content\/uploads\/2016\/11\/tiroler-kreuz_essen-Fotolia_46411540_S-450x300.jpg 450w\" data-sizes=\"(max-width: 1030px) 100vw, 1030px\" class='avia_image '  aria-label='tiroler-kreuz_essen-fotolia_46411540_s'><img decoding=\"async\" fetchpriority=\"high\" class='wp-image-867 avia-img-lazy-loading-not-867 avia_image ' src=\"https:\/\/www.tirolerkreuz.com\/wp-content\/uploads\/2016\/11\/tiroler-kreuz_essen-Fotolia_46411540_S-1030x630.jpg\" alt='Arte culinaria Tirolo' title='tiroler-kreuz_essen-fotolia_46411540_s'  height=\"630\" width=\"1030\"  itemprop=\"thumbnailUrl\"  \/><\/a><\/div><\/div><\/div><br \/>\n\n<style type=\"text\/css\" data-created_by=\"avia_inline_auto\" id=\"style-css-av-av_hr-5ea7596238ed9f191e6b5e662093052f\">\n#top .hr.hr-invisible.av-av_hr-5ea7596238ed9f191e6b5e662093052f{\nheight:30px;\n}\n<\/style>\n<div  class='hr av-av_hr-5ea7596238ed9f191e6b5e662093052f hr-invisible  avia-builder-el-22  el_after_av_image  el_before_av_textblock '><span class='hr-inner '><span class=\"hr-inner-style\"><\/span><\/span><\/div><br \/>\n<section  class='av_textblock_section av-av_textblock-0366cc7376be6c9e82a3e9cc8987b64f '   itemscope=\"itemscope\" itemtype=\"https:\/\/schema.org\/CreativeWork\" ><div class='avia_textblock'  itemprop=\"text\" ><h2 style=\"text-align: left;\">Cucina<\/h2>\n<p style=\"text-align: left;\">La nostra cucina offre una <strong>squisita selezione di piatti tipici dell&#8217;Alto Adige.\u00a0<\/strong>Nel caso doveste seguire una <strong>dieta con particolari restrizioni,<\/strong> il nostro chef di cucina\u00a0sar\u00e0 volentieri a vostra disposizione per eventuali richieste. Volete festeggiare un<strong> compleanno\u00a0o un evento speciale<\/strong>\u00a0qui da noi? Saremo lieti di contribuire a rendere la vostra festa indimenticabile.<\/p>\n<\/div><\/section><\/p><\/div>\n<style type=\"text\/css\" data-created_by=\"avia_inline_auto\" id=\"style-css-av-av_one_half-0aa7055fe62c3622faec82866afbaeb2\">\n.flex_column.av-av_one_half-0aa7055fe62c3622faec82866afbaeb2{\nborder-radius:0px 0px 0px 0px;\npadding:0px 0px 0px 0px;\n}\n<\/style>\n<div  class='flex_column av-av_one_half-0aa7055fe62c3622faec82866afbaeb2 av_one_half  avia-builder-el-24  el_after_av_one_half  avia-builder-el-last  flex_column_div av-zero-column-padding  column-top-margin'     ><p>\n<style type=\"text\/css\" data-created_by=\"avia_inline_auto\" id=\"style-css-av-av_image-7293bb43cb74c96e02331b51938ecc3b\">\n.avia-image-container.av-av_image-7293bb43cb74c96e02331b51938ecc3b img.avia_image{\nbox-shadow:none;\n}\n.avia-image-container.av-av_image-7293bb43cb74c96e02331b51938ecc3b .av-image-caption-overlay-center{\ncolor:#ffffff;\n}\n<\/style>\n<div  class='avia-image-container av-av_image-7293bb43cb74c96e02331b51938ecc3b av-styling- av-img-linked avia_animated_image av-animated-when-visible-95 fade-in avia-align-center  avia-builder-el-25  el_before_av_hr  avia-builder-el-first '   itemprop=\"image\" itemscope=\"itemscope\" itemtype=\"https:\/\/schema.org\/ImageObject\" ><div class=\"avia-image-container-inner\"><div class=\"avia-image-overlay-wrap\"><a href=\"https:\/\/www.tirolerkreuz.com\/wp-content\/uploads\/2016\/11\/tiroler-kreuz_wein-Fotolia_46411540_S-1030x686.jpg\" data-srcset=\"https:\/\/www.tirolerkreuz.com\/wp-content\/uploads\/2016\/11\/tiroler-kreuz_wein-Fotolia_46411540_S.jpg 1030w, https:\/\/www.tirolerkreuz.com\/wp-content\/uploads\/2016\/11\/tiroler-kreuz_wein-Fotolia_46411540_S-300x200.jpg 300w, https:\/\/www.tirolerkreuz.com\/wp-content\/uploads\/2016\/11\/tiroler-kreuz_wein-Fotolia_46411540_S-768x512.jpg 768w, https:\/\/www.tirolerkreuz.com\/wp-content\/uploads\/2016\/11\/tiroler-kreuz_wein-Fotolia_46411540_S-705x470.jpg 705w, https:\/\/www.tirolerkreuz.com\/wp-content\/uploads\/2016\/11\/tiroler-kreuz_wein-Fotolia_46411540_S-450x300.jpg 450w\" data-sizes=\"(max-width: 1030px) 100vw, 1030px\" class='avia_image '  aria-label='tiroler-kreuz_wein-fotolia_46411540_s'><img decoding=\"async\" fetchpriority=\"high\" class='wp-image-869 avia-img-lazy-loading-not-869 avia_image ' src=\"https:\/\/www.tirolerkreuz.com\/wp-content\/uploads\/2016\/11\/tiroler-kreuz_wein-Fotolia_46411540_S-1030x630.jpg\" alt='' title='tiroler-kreuz_wein-fotolia_46411540_s'  height=\"630\" width=\"1030\"  itemprop=\"thumbnailUrl\"  \/><\/a><\/div><\/div><\/div><br \/>\n\n<style type=\"text\/css\" data-created_by=\"avia_inline_auto\" id=\"style-css-av-av_hr-5ea7596238ed9f191e6b5e662093052f\">\n#top .hr.hr-invisible.av-av_hr-5ea7596238ed9f191e6b5e662093052f{\nheight:30px;\n}\n<\/style>\n<div  class='hr av-av_hr-5ea7596238ed9f191e6b5e662093052f hr-invisible  avia-builder-el-26  el_after_av_image  el_before_av_textblock '><span class='hr-inner '><span class=\"hr-inner-style\"><\/span><\/span><\/div><br \/>\n<section  class='av_textblock_section av-av_textblock-0366cc7376be6c9e82a3e9cc8987b64f '   itemscope=\"itemscope\" itemtype=\"https:\/\/schema.org\/CreativeWork\" ><div class='avia_textblock'  itemprop=\"text\" ><h2 style=\"text-align: left;\">Un buon bicchiere di vino&#8230;<\/h2>\n<p style=\"text-align: left;\">&#8230;stimola <strong>corpo e anima!<\/strong><\/p>\n<p style=\"text-align: left;\">Nella nostra cantina del vino trovate una <strong>vasta scelta di vini pregiati dell&#8217;Alto Adige,<\/strong> ma soprattutto di <strong>Merano e dintorni.<\/strong><\/p>\n<p style=\"text-align: left;\">In abbinamento al menu saremo lieti di <strong>proporvi un vino adatto!<\/strong><\/p>\n<\/div><\/section><\/p><\/div>\n<\/p>\n","protected":false},"excerpt":{"rendered":"","protected":false},"author":1,"featured_media":867,"parent":0,"menu_order":0,"comment_status":"closed","ping_status":"closed","template":"","meta":{"footnotes":""},"class_list":["post-1230","page","type-page","status-publish","has-post-thumbnail","hentry"],"yoast_head":"<!-- This site is optimized with the Yoast SEO plugin v27.5 - https:\/\/yoast.com\/product\/yoast-seo-wordpress\/ -->\n<title>Arte culinaria Tirolo - Hotel Ristorante Tiroler Kreuz<\/title>\n<meta name=\"description\" content=\"Arte culinaria Tirolo: Il nostro tavolo \u00e8 imbandito e ricco di gustosi piatti tipici altoatesini e genuini prodotti regionali. Usiamo ingredienti freschi...\" \/>\n<meta name=\"robots\" content=\"index, follow, max-snippet:-1, max-image-preview:large, max-video-preview:-1\" \/>\n<link rel=\"canonical\" href=\"https:\/\/www.tirolerkreuz.com\/it\/arte-culinaria-tirolo\/\" \/>\n<meta property=\"og:locale\" content=\"it_IT\" \/>\n<meta property=\"og:type\" content=\"article\" \/>\n<meta property=\"og:title\" content=\"Arte culinaria Tirolo - Hotel Ristorante Tiroler Kreuz\" \/>\n<meta property=\"og:description\" content=\"Arte culinaria Tirolo: Il nostro tavolo \u00e8 imbandito e ricco di gustosi piatti tipici altoatesini e genuini prodotti regionali. Usiamo ingredienti freschi...\" \/>\n<meta property=\"og:url\" content=\"https:\/\/www.tirolerkreuz.com\/it\/arte-culinaria-tirolo\/\" \/>\n<meta property=\"og:site_name\" content=\"Hotel Restaurant in Dorf Tirol bei Meran: Tiroler Kreuz\" \/>\n<meta property=\"article:modified_time\" content=\"2016-12-22T13:29:05+00:00\" \/>\n<meta property=\"og:image\" content=\"https:\/\/www.tirolerkreuz.com\/wp-content\/uploads\/2016\/11\/tiroler-kreuz_essen-Fotolia_46411540_S.jpg\" \/>\n\t<meta property=\"og:image:width\" content=\"1030\" \/>\n\t<meta property=\"og:image:height\" content=\"687\" \/>\n\t<meta property=\"og:image:type\" content=\"image\/jpeg\" \/>\n<meta name=\"twitter:card\" content=\"summary_large_image\" \/>\n<meta name=\"twitter:label1\" content=\"Tempo di lettura stimato\" \/>\n\t<meta name=\"twitter:data1\" content=\"9 minuti\" \/>\n<script type=\"application\/ld+json\" class=\"yoast-schema-graph\">{\"@context\":\"https:\\\/\\\/schema.org\",\"@graph\":[{\"@type\":\"WebPage\",\"@id\":\"https:\\\/\\\/www.tirolerkreuz.com\\\/it\\\/arte-culinaria-tirolo\\\/\",\"url\":\"https:\\\/\\\/www.tirolerkreuz.com\\\/it\\\/arte-culinaria-tirolo\\\/\",\"name\":\"Arte culinaria Tirolo - Hotel Ristorante Tiroler Kreuz\",\"isPartOf\":{\"@id\":\"https:\\\/\\\/www.tirolerkreuz.com\\\/it\\\/#website\"},\"primaryImageOfPage\":{\"@id\":\"https:\\\/\\\/www.tirolerkreuz.com\\\/it\\\/arte-culinaria-tirolo\\\/#primaryimage\"},\"image\":{\"@id\":\"https:\\\/\\\/www.tirolerkreuz.com\\\/it\\\/arte-culinaria-tirolo\\\/#primaryimage\"},\"thumbnailUrl\":\"https:\\\/\\\/www.tirolerkreuz.com\\\/wp-content\\\/uploads\\\/2016\\\/11\\\/tiroler-kreuz_essen-Fotolia_46411540_S.jpg\",\"datePublished\":\"2016-11-25T09:28:15+00:00\",\"dateModified\":\"2016-12-22T13:29:05+00:00\",\"description\":\"Arte culinaria Tirolo: Il nostro tavolo \u00e8 imbandito e ricco di gustosi piatti tipici altoatesini e genuini prodotti regionali. Usiamo ingredienti freschi...\",\"breadcrumb\":{\"@id\":\"https:\\\/\\\/www.tirolerkreuz.com\\\/it\\\/arte-culinaria-tirolo\\\/#breadcrumb\"},\"inLanguage\":\"it-IT\",\"potentialAction\":[{\"@type\":\"ReadAction\",\"target\":[\"https:\\\/\\\/www.tirolerkreuz.com\\\/it\\\/arte-culinaria-tirolo\\\/\"]}]},{\"@type\":\"ImageObject\",\"inLanguage\":\"it-IT\",\"@id\":\"https:\\\/\\\/www.tirolerkreuz.com\\\/it\\\/arte-culinaria-tirolo\\\/#primaryimage\",\"url\":\"https:\\\/\\\/www.tirolerkreuz.com\\\/wp-content\\\/uploads\\\/2016\\\/11\\\/tiroler-kreuz_essen-Fotolia_46411540_S.jpg\",\"contentUrl\":\"https:\\\/\\\/www.tirolerkreuz.com\\\/wp-content\\\/uploads\\\/2016\\\/11\\\/tiroler-kreuz_essen-Fotolia_46411540_S.jpg\",\"width\":1030,\"height\":687,\"caption\":\"Arte culinaria Tirolo\"},{\"@type\":\"BreadcrumbList\",\"@id\":\"https:\\\/\\\/www.tirolerkreuz.com\\\/it\\\/arte-culinaria-tirolo\\\/#breadcrumb\",\"itemListElement\":[{\"@type\":\"ListItem\",\"position\":1,\"name\":\"Startseite\",\"item\":\"https:\\\/\\\/www.tirolerkreuz.com\\\/it\\\/benvenuti-nel-paese-di-tirolo-presso-merano\\\/\"},{\"@type\":\"ListItem\",\"position\":2,\"name\":\"Arte culinaria Tirolo\"}]},{\"@type\":\"WebSite\",\"@id\":\"https:\\\/\\\/www.tirolerkreuz.com\\\/it\\\/#website\",\"url\":\"https:\\\/\\\/www.tirolerkreuz.com\\\/it\\\/\",\"name\":\"Hotel Restaurant in Dorf Tirol bei Meran: Tiroler Kreuz\",\"description\":\"Willkommen im Wanderparadies Dorf Tirol\",\"potentialAction\":[{\"@type\":\"SearchAction\",\"target\":{\"@type\":\"EntryPoint\",\"urlTemplate\":\"https:\\\/\\\/www.tirolerkreuz.com\\\/it\\\/?s={search_term_string}\"},\"query-input\":{\"@type\":\"PropertyValueSpecification\",\"valueRequired\":true,\"valueName\":\"search_term_string\"}}],\"inLanguage\":\"it-IT\"}]}<\/script>\n<!-- \/ Yoast SEO plugin. -->","yoast_head_json":{"title":"Arte culinaria Tirolo - Hotel Ristorante Tiroler Kreuz","description":"Arte culinaria Tirolo: Il nostro tavolo \u00e8 imbandito e ricco di gustosi piatti tipici altoatesini e genuini prodotti regionali. Usiamo ingredienti freschi...","robots":{"index":"index","follow":"follow","max-snippet":"max-snippet:-1","max-image-preview":"max-image-preview:large","max-video-preview":"max-video-preview:-1"},"canonical":"https:\/\/www.tirolerkreuz.com\/it\/arte-culinaria-tirolo\/","og_locale":"it_IT","og_type":"article","og_title":"Arte culinaria Tirolo - Hotel Ristorante Tiroler Kreuz","og_description":"Arte culinaria Tirolo: Il nostro tavolo \u00e8 imbandito e ricco di gustosi piatti tipici altoatesini e genuini prodotti regionali. Usiamo ingredienti freschi...","og_url":"https:\/\/www.tirolerkreuz.com\/it\/arte-culinaria-tirolo\/","og_site_name":"Hotel Restaurant in Dorf Tirol bei Meran: Tiroler Kreuz","article_modified_time":"2016-12-22T13:29:05+00:00","og_image":[{"width":1030,"height":687,"url":"https:\/\/www.tirolerkreuz.com\/wp-content\/uploads\/2016\/11\/tiroler-kreuz_essen-Fotolia_46411540_S.jpg","type":"image\/jpeg"}],"twitter_card":"summary_large_image","twitter_misc":{"Tempo di lettura stimato":"9 minuti"},"schema":{"@context":"https:\/\/schema.org","@graph":[{"@type":"WebPage","@id":"https:\/\/www.tirolerkreuz.com\/it\/arte-culinaria-tirolo\/","url":"https:\/\/www.tirolerkreuz.com\/it\/arte-culinaria-tirolo\/","name":"Arte culinaria Tirolo - Hotel Ristorante Tiroler Kreuz","isPartOf":{"@id":"https:\/\/www.tirolerkreuz.com\/it\/#website"},"primaryImageOfPage":{"@id":"https:\/\/www.tirolerkreuz.com\/it\/arte-culinaria-tirolo\/#primaryimage"},"image":{"@id":"https:\/\/www.tirolerkreuz.com\/it\/arte-culinaria-tirolo\/#primaryimage"},"thumbnailUrl":"https:\/\/www.tirolerkreuz.com\/wp-content\/uploads\/2016\/11\/tiroler-kreuz_essen-Fotolia_46411540_S.jpg","datePublished":"2016-11-25T09:28:15+00:00","dateModified":"2016-12-22T13:29:05+00:00","description":"Arte culinaria Tirolo: Il nostro tavolo \u00e8 imbandito e ricco di gustosi piatti tipici altoatesini e genuini prodotti regionali. Usiamo ingredienti freschi...","breadcrumb":{"@id":"https:\/\/www.tirolerkreuz.com\/it\/arte-culinaria-tirolo\/#breadcrumb"},"inLanguage":"it-IT","potentialAction":[{"@type":"ReadAction","target":["https:\/\/www.tirolerkreuz.com\/it\/arte-culinaria-tirolo\/"]}]},{"@type":"ImageObject","inLanguage":"it-IT","@id":"https:\/\/www.tirolerkreuz.com\/it\/arte-culinaria-tirolo\/#primaryimage","url":"https:\/\/www.tirolerkreuz.com\/wp-content\/uploads\/2016\/11\/tiroler-kreuz_essen-Fotolia_46411540_S.jpg","contentUrl":"https:\/\/www.tirolerkreuz.com\/wp-content\/uploads\/2016\/11\/tiroler-kreuz_essen-Fotolia_46411540_S.jpg","width":1030,"height":687,"caption":"Arte culinaria Tirolo"},{"@type":"BreadcrumbList","@id":"https:\/\/www.tirolerkreuz.com\/it\/arte-culinaria-tirolo\/#breadcrumb","itemListElement":[{"@type":"ListItem","position":1,"name":"Startseite","item":"https:\/\/www.tirolerkreuz.com\/it\/benvenuti-nel-paese-di-tirolo-presso-merano\/"},{"@type":"ListItem","position":2,"name":"Arte culinaria Tirolo"}]},{"@type":"WebSite","@id":"https:\/\/www.tirolerkreuz.com\/it\/#website","url":"https:\/\/www.tirolerkreuz.com\/it\/","name":"Hotel Restaurant in Dorf Tirol bei Meran: Tiroler Kreuz","description":"Willkommen im Wanderparadies Dorf Tirol","potentialAction":[{"@type":"SearchAction","target":{"@type":"EntryPoint","urlTemplate":"https:\/\/www.tirolerkreuz.com\/it\/?s={search_term_string}"},"query-input":{"@type":"PropertyValueSpecification","valueRequired":true,"valueName":"search_term_string"}}],"inLanguage":"it-IT"}]}},"_links":{"self":[{"href":"https:\/\/www.tirolerkreuz.com\/it\/wp-json\/wp\/v2\/pages\/1230","targetHints":{"allow":["GET"]}}],"collection":[{"href":"https:\/\/www.tirolerkreuz.com\/it\/wp-json\/wp\/v2\/pages"}],"about":[{"href":"https:\/\/www.tirolerkreuz.com\/it\/wp-json\/wp\/v2\/types\/page"}],"author":[{"embeddable":true,"href":"https:\/\/www.tirolerkreuz.com\/it\/wp-json\/wp\/v2\/users\/1"}],"replies":[{"embeddable":true,"href":"https:\/\/www.tirolerkreuz.com\/it\/wp-json\/wp\/v2\/comments?post=1230"}],"version-history":[{"count":0,"href":"https:\/\/www.tirolerkreuz.com\/it\/wp-json\/wp\/v2\/pages\/1230\/revisions"}],"wp:featuredmedia":[{"embeddable":true,"href":"https:\/\/www.tirolerkreuz.com\/it\/wp-json\/wp\/v2\/media\/867"}],"wp:attachment":[{"href":"https:\/\/www.tirolerkreuz.com\/it\/wp-json\/wp\/v2\/media?parent=1230"}],"curies":[{"name":"wp","href":"https:\/\/api.w.org\/{rel}","templated":true}]}}